{"id":530,"date":"2021-12-10T12:41:38","date_gmt":"2021-12-10T11:41:38","guid":{"rendered":"https:\/\/fortbildung-verbund3.schule.de\/?page_id=530"},"modified":"2025-04-08T10:35:45","modified_gmt":"2025-04-08T08:35:45","slug":"fachgruppe-inklusion-philosophierenforschen","status":"publish","type":"page","link":"https:\/\/fortbildung-verbund3.schule.de\/?page_id=530","title":{"rendered":"Inklusion \/ Begabungsf\u00f6rderung"},"content":{"rendered":"<h1><img loading=\"lazy\" decoding=\"async\" class=\"alignnone size-medium wp-image-3808\" src=\"https:\/\/fortbildung-verbund3.schule.de\/wp-content\/uploads\/2024\/07\/Inklusion1-300x169.jpg\" alt=\"\" width=\"300\" height=\"169\" srcset=\"https:\/\/fortbildung-verbund3.schule.de\/wp-content\/uploads\/2024\/07\/Inklusion1-300x169.jpg 300w, https:\/\/fortbildung-verbund3.schule.de\/wp-content\/uploads\/2024\/07\/Inklusion1-1024x575.jpg 1024w, https:\/\/fortbildung-verbund3.schule.de\/wp-content\/uploads\/2024\/07\/Inklusion1-768x431.jpg 768w, https:\/\/fortbildung-verbund3.schule.de\/wp-content\/uploads\/2024\/07\/Inklusion1-848x480.jpg 848w, https:\/\/fortbildung-verbund3.schule.de\/wp-content\/uploads\/2024\/07\/Inklusion1.jpg 1264w\" sizes=\"auto, (max-width: 300px) 100vw, 300px\" \/><\/h1>\n<h1 class=\"p1\"><span style=\"font-family: helvetica;\"><b> Workshop- \/Fortbildungsangebote<\/b><\/span><\/h1>\n<ul class=\"ul1\">\n<li><span style=\"font-family: helvetica;\">Mi., 11.09.2024, 15:00 Uhr &#8211; 18:00 Uhr <strong><a href=\"https:\/\/fortbildungen.berlin\/training\/122579\">Projektbasierter Unterricht in der Grundschule<\/a><\/strong> 24.2-122579<\/span><\/li>\n<li class=\"li10\"><span class=\"s3\" style=\"font-family: helvetica;\">Do., 12.09.2024, 14:30 Uhr &#8211; 17:30 Uhr <a href=\"https:\/\/fortbildungen.berlin\/training\/120240\"><span class=\"s4\"><b>Basiswissen: Kinder mit dem F\u00f6rderschwerpunkt \u201cAutismus\u201c im Unterricht<\/b><\/span><\/a> 24.2-120240 <\/span><\/li>\n<li class=\"li10\"><span class=\"s3\" style=\"font-family: helvetica;\">Mi., 18.09.2024, 09:00 Uhr &#8211; 15:30 Uhr <a href=\"https:\/\/fortbildungen.berlin\/training\/121953\"><span class=\"s4\"><b>Sch\u00fcler\/-innen mit Blindheit und Sehbehinderung im Unterricht in Klasse 1-6<\/b><\/span><\/a> 24.2-121953<\/span><\/li>\n<li><span style=\"font-family: helvetica;\">Do., 19.09.2024, 15:00 Uhr &#8211; 18:00 Uhr <strong><a href=\"https:\/\/fortbildungen.berlin\/training\/120373\">Lerngespr\u00e4che &#8211; Nachdenken \u00fcber Lernen entwickeln<\/a><\/strong> 24.2-120373<\/span><\/li>\n<li class=\"li12\"><span class=\"s5\" style=\"font-family: helvetica;\">Mo., 23.09.2024, 15:00 Uhr &#8211; 18:00 Uhr (und 10 weitere Termine) <a href=\"https:\/\/fortbildungen.berlin\/training\/120339\"><span class=\"s4\"><b>Philosophieren und Forschen an eigenen Fragen<\/b><\/span><\/a> 24.2-120339<\/span><\/li>\n<li><span style=\"font-family: helvetica;\">Do., 17.10.2024, 15:00 Uhr &#8211; 18:00 Uhr <strong><a href=\"https:\/\/fortbildungen.berlin\/training\/120368\">Kleine Experimente im Sachunterricht: \u201eDa staunst du!\u201c<\/a><\/strong> 24.2-120368<\/span><\/li>\n<li>Do., 07.11.2024, 14:30 Uhr &#8211; 17:00 Uhr <strong><a href=\"https:\/\/fortbildungen.berlin\/training\/124712\">Auf die Beziehung kommt es an &#8211; raus aus der Gewohnheitsfalle<\/a><\/strong> 24.2-124712<\/li>\n<li><span style=\"font-family: helvetica;\">Do., 07.11.2024, 15:00 Uhr &#8211; 18:00 Uhr <strong><a href=\"https:\/\/fortbildungen.berlin\/training\/120364\">Staunen fruchtbar werden lassen<\/a><\/strong> 24.2-120364<\/span><\/li>\n<li>Mi., 13.11.2024, 14:00 Uhr &#8211; 17:00 Uhr <strong><a href=\"https:\/\/fortbildungen.berlin\/training\/122217\">Begabungsf\u00f6rderung st\u00e4rken<\/a><\/strong> 24.2-122217<\/li>\n<li>Mo., 18.11.2024, 14:30 Uhr &#8211; 17:00 Uhr <strong><a href=\"https:\/\/fortbildungen.berlin\/training\/124713\">Auf die Beziehung kommt es an &#8211; raus aus der Gewohnheitsfalle im Fach Kunst<\/a><\/strong> 24.2-124713<\/li>\n<li><span style=\"font-family: helvetica;\">Do., 28.11.2024, 15:00 Uhr &#8211; 18:00 Uhr <strong><a href=\"https:\/\/fortbildungen.berlin\/training\/120375\">Kompetenzen f\u00fcr das 21. Jahrhundert konkret &#8211; Lernprozessgestaltung<\/a><\/strong> 24.2-120375<\/span><\/li>\n<li>Fr., 06.12.2024, 14:30 Uhr &#8211; 16:30 Uhr <strong><a href=\"https:\/\/fortbildungen.berlin\/training\/124714\">Auf die Beziehung kommt es an &#8211; das dreidimensionale Beziehungsmodell<\/a><\/strong> 24.2-124714<\/li>\n<li><span style=\"font-family: helvetica;\">Do., 12.12.2024, 15:00 Uhr &#8211; 18:00 Uhr <strong><a href=\"https:\/\/fortbildungen.berlin\/training\/120365\">Offene T\u00fcr in der Lernwerkstatt: den Zahlenraum bis 50 erschlie\u00dfen<\/a><\/strong> 24.2-120365<\/span><\/li>\n<li><span style=\"font-family: helvetica;\">Do., 09.01.2025, 15:00 Uhr &#8211; 17:00 Uhr <strong><a href=\"https:\/\/fortbildungen.berlin\/training\/120369\">Kleine Experimente im Sachunterricht: \u201eDa staunst du!\u201c<\/a><\/strong> 24.2-120369<\/span><\/li>\n<li><span style=\"font-family: helvetica;\">Do., 23.01.2025, 15:00 Uhr &#8211; 18:00 Uhr <strong><a href=\"https:\/\/fortbildungen.berlin\/training\/120366\">Symmetrie entdecken und herstellen<\/a><\/strong> 24.2-120366<\/span><\/li>\n<li><span style=\"font-family: helvetica;\">Do., 20.02.2025, 15:00 Uhr &#8211; 18:00 Uhr <strong><a href=\"https:\/\/fortbildungen.berlin\/training\/120367\">Inklusiv und individuell: Lernen vielf\u00e4ltig denken<\/a><\/strong> 25.1-120367<\/span><\/li>\n<li>Mo., 05.05.2025, 08:30 Uhr &#8211; 12:00 Uhr\/13:00 Uhr &#8211; 17:00 Uhr <strong><a href=\"https:\/\/fortbildungen.berlin\/training\/126001\">Fachtagung: Refresher &#8211; Philosophieren und Forschen an eigenen Fragen<\/a><\/strong> 25.1-126001<\/li>\n<li><span style=\"font-family: helvetica;\">Do., 15.05.2025, 15:00 Uhr &#8211; 16:30 Uhr <strong><a href=\"https:\/\/fortbildungen.berlin\/training\/120370\">\u201cDenkwege in die Rechtschreibung\u201c<\/a><\/strong> 25.1-120370<\/span><\/li>\n<li><span style=\"font-family: helvetica;\">Do., 05.06.2025, 15:00 Uhr &#8211; 17:00 Uhr <strong><a href=\"https:\/\/fortbildungen.berlin\/training\/120376\">\u201cWie klingt der Wind auf georgisch?\u201c &#8211; Zug\u00e4nge zur Sprache entdecken<\/a><\/strong> 25.1-120376<\/span><\/li>\n<li class=\"li1\">Mi., 25.06. und 02.07.2025, 16:30 Uhr &#8211; 18:00 Uhr <a href=\"https:\/\/fortbildungen.berlin\/training\/128087\"><span class=\"s1\"><b>Umgang mit ADHS in der Schule<\/b><\/span><\/a> 25.1-128087<\/li>\n<li class=\"li1\"><span style=\"font-family: helvetica;\">AISCHU Achtsamkeit in der Schule<\/span><\/li>\n<li><span style=\"font-family: helvetica;\">Lernprozessbegleitende Gespr\u00e4che f\u00fcr die Grundschule nach \u00a73 Absatz 8 GsVO<\/span><\/li>\n<\/ul>\n<h1 class=\"p1\"><span style=\"font-family: helvetica;\"><b>F\u00f6rderschwerpunkt \u201eGeistige Entwicklung\u201c<\/b><\/span><\/h1>\n<ul class=\"ul1\">\n<li class=\"li2\"><span class=\"s3\" style=\"font-family: helvetica;\">Mi., 18.09.2024, 15:00 Uhr &#8211; 17:30 Uhr <a href=\"https:\/\/fortbildungen.berlin\/training\/120871\"><span class=\"s4\"><b>Einf\u00fchrung in den F\u00f6rderschwerpunkt \u201cGeistige Entwicklung\u201c<\/b><\/span><\/a> 24.2-120871<\/span><\/li>\n<li><span class=\"s3\" style=\"font-family: helvetica;\">Mi., 16.10.2024, 15:00 Uhr &#8211; 17:00 Uhr <b><i>Online-Kurs: <\/i><\/b><a href=\"https:\/\/fortbildungen.berlin\/training\/120873\"><span class=\"s4\"><b>Lernwege gestalten f\u00fcr Kinder mit F\u00f6rderschwerpunkt \u201cGeistige Entwicklung\u201c<\/b><\/span><\/a> 24.2-120873<\/span><\/li>\n<li><span style=\"font-family: helvetica;\">Mi., 19.02.2025, 15:00 Uhr &#8211; 17:00 Uhr <span class=\"s3\"><b><i>Online-Kurs: <\/i><\/b><\/span><strong><a href=\"https:\/\/fortbildungen.berlin\/training\/121511\">Ganzwortlesen f\u00fcr Kinder mit dem F\u00f6rderschwerpunkt \u201cGeistige Entwicklung\u201c<\/a><\/strong> 25.1-121511<\/span><\/li>\n<li><span style=\"font-family: helvetica;\">Mi., 09.04.2025, 15:00 Uhr &#8211; 17:00 Uhr <strong><a href=\"https:\/\/fortbildungen.berlin\/training\/121513\">Pr\u00e4numerik f\u00fcr Kinder mit dem F\u00f6rderschwerpunkt \u201cGeistige Entwicklung\u201c<\/a><\/strong> 25.1-121513<\/span><\/li>\n<li><span style=\"font-family: helvetica;\">Mi., 21.05.2025, 15:00 Uhr &#8211; 17:30 Uhr <strong><a href=\"https:\/\/fortbildungen.berlin\/training\/121519\">Kinder mit dem F\u00f6rderschwerpunkt \u201cGE\u201c entdecken den Zahlenraum bis 10<\/a><\/strong> 25.1-121519<\/span><\/li>\n<li class=\"li2\"><span style=\"font-family: helvetica;\">F\u00f6rderplanung f\u00fcr Kinder mit dem F\u00f6rderschwerpunkt GE und Lernen<\/span><\/li>\n<\/ul>\n<h1>Inklusive berufliche Orientierung<\/h1>\n<ul>\n<li>Mi., 18.09.2024, 14:30 Uhr &#8211; 17:00 Uhr <strong><a href=\"https:\/\/fortbildungen.berlin\/training\/120582\">Berufswegekonferenzen &#8211; Wegweiser in der beruflichen Orientierung<\/a><\/strong> 24.2-120582<\/li>\n<li>Mi., 25.09.2024, 14:30 Uhr &#8211; 17:00 Uhr <strong><a href=\"https:\/\/fortbildungen.berlin\/training\/120386\">Berufliche Anschlussperspektiven f\u00fcr Sch\u00fcler\/-innen mit F\u00f6rderbedarf<\/a><\/strong> 24.2-120386<\/li>\n<li>Mi., 09.10.2024, 14:30 Uhr &#8211; 17:00 Uhr <strong><a href=\"https:\/\/fortbildungen.berlin\/training\/122222\">Gestaltung des Betriebspraktikums f\u00fcr Sch\u00fcler\/-innen mit F\u00f6rderbedarfen<\/a><\/strong> 24.2-122222<\/li>\n<li>Mi., 13.11.2024, 14:30 Uhr &#8211; 17:00 Uhr <strong><a href=\"https:\/\/fortbildungen.berlin\/training\/122289\">BO f\u00fcr Sch\u00fcler\/-innen mit dem F\u00f6rderschwerpunkt Geistige Entwicklung<\/a><\/strong> 24.2-122289<\/li>\n<li>Mi., 20.11.2024, 14:30 Uhr &#8211; 17:00 Uhr <em><strong>Online-Kurs: <\/strong><\/em><strong><a href=\"https:\/\/fortbildungen.berlin\/training\/120390\">Empowerment in der Inklusiven Beruflichen Orientierung<\/a><\/strong> 24.2-120390<\/li>\n<li>Mi., 27.11.2024, 14:30 Uhr &#8211; 17:00 Uhr <em><em><strong>Online-Kurs: <\/strong><\/em><\/em><strong><a href=\"https:\/\/fortbildungen.berlin\/training\/121377\">Elternarbeit in der Inklusiven Beruflichen Orientierung<\/a><\/strong> 24.2-121377<\/li>\n<li>Mi., 04.12.2024, 14:30 Uhr &#8211; 17:00 Uhr <em><strong>Online-Kurs: <\/strong><\/em><strong><a href=\"https:\/\/fortbildungen.berlin\/training\/120275\">Inklusive Berufsorientierung: Wie unterst\u00fctzt man alle auf ihrem Weg?<\/a><\/strong> 24.2-120275<\/li>\n<li>Mi., 04.12.2024, 14:00 Uhr &#8211; 17:30 Uhr <strong><a href=\"https:\/\/fortbildungen.berlin\/training\/121964\">Berufswahl im F\u00f6rderschwerpunkt Sehen<\/a><\/strong> 24.2-121964<\/li>\n<li>Mi., 08.01.2025, 14:30 Uhr &#8211; 17:00 Uhr <strong>Jugendliche mit F\u00f6rderbedarf auf ihrem Weg beraten &#8211; Elterngespr\u00e4che f\u00fchren<\/strong> 24.2-121709<\/li>\n<li>Mi., 12.02.2025, 14:30 Uhr &#8211; 17:00 Uhr <em><strong>Online-Kurs: <\/strong><\/em><strong><a href=\"https:\/\/fortbildungen.berlin\/training\/122950\">Berufswegekonferenzen &#8211; Wegweiser in der beruflichen Orientierung<\/a><\/strong> 25.1-122950<\/li>\n<li>Mi., 19.02.2025, 14:30 Uhr &#8211; 17:00 Uhr <strong><a href=\"https:\/\/fortbildungen.berlin\/training\/120586\">Berufliche Orientierung f\u00fcr Lernende mit Autismus-Spektrum-St\u00f6rungen<\/a><\/strong> 25.1-120586<\/li>\n<li>Mi., 26.02.2025, 14:30 Uhr &#8211; 17:00 Uhr <em><strong>Online-Kurs: <\/strong><\/em><strong><a href=\"https:\/\/fortbildungen.berlin\/training\/122293\">Berufliche Anschlussperspektiven f\u00fcr Sch\u00fcler\/-innen mit F\u00f6rderbedarf<\/a><\/strong> 25.1-122293<\/li>\n<li>Mi., 02.04.2025, 14:30 Uhr &#8211; 17:00 Uhr <em><strong>Online-Kurs: <\/strong><\/em><strong><a href=\"https:\/\/fortbildungen.berlin\/training\/120277\">Praktikumsplatzsuche f\u00fcr Sch\u00fcler\/-innen mit F\u00f6rderbedarfen<\/a><\/strong> 25.1-120277<\/li>\n<li>Mi., 09.04.2025, 14:30 Uhr &#8211; 17:00 Uhr <strong><a href=\"https:\/\/fortbildungen.berlin\/training\/120593\">Differenzierung in der inklusiven Berufsorientierung<\/a><\/strong> 25.1-120593<\/li>\n<li>Mi., 07.05.2025, 14:30 Uhr &#8211; 17:00 Uhr <strong><a href=\"https:\/\/fortbildungen.berlin\/training\/121803\">\u00dcbergang Schule-Beruf f\u00fcr Jugendliche mit Autismus-Spektrum-St\u00f6rungen<\/a><\/strong> 25.1-121803<\/li>\n<li>Mi., 14.05.2025, 15:00 Uhr &#8211; 17:00 Uhr <a href=\"https:\/\/fortbildungen.berlin\/training\/124148\"><strong>Kinder mit F\u00f6rderschwerpunkt \u201cGeistige Entwicklung\u201c lernen schreiben<\/strong><\/a> 24.2-124148<\/li>\n<li>Mi., 21.05.2025, 15:00 Uhr &#8211; 17:30 Uhr <strong><a href=\"https:\/\/fortbildungen.berlin\/training\/121519\">Kinder mit dem F\u00f6rderschwerpunkt \u201cGE\u201c entdecken den Zahlenraum bis 10<\/a><\/strong> 25.1-121519<\/li>\n<li>Mi., 04.06.2025, 14:30 Uhr &#8211; 17:00 Uhr <span class=\"s3\" style=\"font-family: helvetica;\"><b><i>Online-Kurs: <\/i><\/b><\/span><a href=\"https:\/\/fortbildungen.berlin\/training\/120590\"><strong>Inklusive berufliche Orientierung als Querschnittsaufgabe<\/strong><\/a> 25.1-120590<\/li>\n<li>Mi., 18.06.2025, 14:30 Uhr &#8211; 17:00 Uhr <strong><a href=\"https:\/\/fortbildungen.berlin\/training\/120279\">Inklusive Berufsorientierung: Wie unterst\u00fctzt man alle auf ihrem Weg?<\/a><\/strong> 24.2-120279<\/li>\n<\/ul>\n<h1 class=\"p3\"><span style=\"font-family: helvetica;\"><b>Netzwerktreffen<\/b><\/span><\/h1>\n<ul>\n<li class=\"li5\"><span class=\"s5\" style=\"font-family: helvetica;\">Do., 26.09.2024, 14:30 Uhr &#8211; 17:00 Uhr <a href=\"https:\/\/fortbildungen.berlin\/training\/121849\"><span class=\"s4\"><b>Netzwerktreffen Inklusion (Verbund 3)<\/b><\/span><\/a> 24.2-121849 <\/span><\/li>\n<li class=\"li4\"><span class=\"s3\" style=\"font-family: helvetica;\">Di., 15.10.2024, 14:30 Uhr &#8211; 17:30 Uhr <b><i>Online-Kurs:<\/i><\/b> <a href=\"https:\/\/fortbildungen.berlin\/training\/120452\"><span class=\"s4\"><b>1. Netzwerktreffen der Sprachbildungskoordinatoren\/-innen (OS, Verbund 3)<\/b><\/span><\/a> 24.2-120452<\/span><\/li>\n<li><span style=\"font-family: helvetica;\">Mo., 17.02.2025, 16:00 Uhr &#8211; 18:00 Uhr <strong><a href=\"https:\/\/fortbildungen.berlin\/training\/120342\">Netzwerktreffen Philosophieren und Forschen an eigenen Fragen<\/a><\/strong> 25.1-120342<\/span><\/li>\n<li><span style=\"font-family: helvetica;\">Do., 20.03.2025, 15:00 Uhr &#8211; 17:00 Uhr <strong><a href=\"https:\/\/fortbildungen.berlin\/training\/121853\">Netzwerktreffen Inklusion (Verbund 3)<\/a><\/strong> 25.1-121853<\/span><\/li>\n<li>Do., 22.05.2025, 14:30 Uhr &#8211; 17:30 Uhr <strong><a href=\"https:\/\/fortbildungen.berlin\/training\/125491\">3. Netzwerktreffen Inklusion (Verbund 3)<\/a><\/strong> 25.1-125491<\/li>\n<li class=\"li1\"><span class=\"s2\">Mi., 04.06.2025, 14:30 Uhr &#8211; 17:00 Uhr <a href=\"https:\/\/fortbildungen.berlin\/training\/120903\"><span class=\"s3\"><b>Netzwerktreffen der Sprachbildungskoordinatoren\/-innen des Verbundes<\/b><\/span><\/a> 3 25.1-120903<\/span><\/li>\n<\/ul>\n<p><a href=\"https:\/\/fortbildung-verbund3.schule.de\/wp-content\/uploads\/2024\/09\/Inklusion.pdf\"><img loading=\"lazy\" decoding=\"async\" class=\"alignnone wp-image-3884 \" src=\"https:\/\/fortbildung-verbund3.schule.de\/wp-content\/uploads\/2024\/08\/PDF-267x300.png\" alt=\"\" width=\"140\" height=\"158\" \/><\/a><\/p>\n<p><span style=\"font-family: helvetica;\">Flyer Inklusion<\/span><\/p>\n","protected":false},"excerpt":{"rendered":"<p>Workshop- \/Fortbildungsangebote Mi., 11.09.2024, 15:00 Uhr &#8211; 18:00 Uhr Projektbasierter Unterricht in der Grundschule 24.2-122579 Do., 12.09.2024, 14:30 Uhr &#8211; &hellip; <\/p>\n","protected":false},"author":1,"featured_media":0,"parent":0,"menu_order":0,"comment_status":"closed","ping_status":"closed","template":"","meta":{"_bbp_topic_count":0,"_bbp_reply_count":0,"_bbp_total_topic_count":0,"_bbp_total_reply_count":0,"_bbp_voice_count":0,"_bbp_anonymous_reply_count":0,"_bbp_topic_count_hidden":0,"_bbp_reply_count_hidden":0,"_bbp_forum_subforum_count":0,"footnotes":""},"class_list":["post-530","page","type-page","status-publish","hentry"],"_links":{"self":[{"href":"https:\/\/fortbildung-verbund3.schule.de\/index.php?rest_route=\/wp\/v2\/pages\/530","targetHints":{"allow":["GET"]}}],"collection":[{"href":"https:\/\/fortbildung-verbund3.schule.de\/index.php?rest_route=\/wp\/v2\/pages"}],"about":[{"href":"https:\/\/fortbildung-verbund3.schule.de\/index.php?rest_route=\/wp\/v2\/types\/page"}],"author":[{"embeddable":true,"href":"https:\/\/fortbildung-verbund3.schule.de\/index.php?rest_route=\/wp\/v2\/users\/1"}],"replies":[{"embeddable":true,"href":"https:\/\/fortbildung-verbund3.schule.de\/index.php?rest_route=%2Fwp%2Fv2%2Fcomments&post=530"}],"version-history":[{"count":86,"href":"https:\/\/fortbildung-verbund3.schule.de\/index.php?rest_route=\/wp\/v2\/pages\/530\/revisions"}],"predecessor-version":[{"id":4483,"href":"https:\/\/fortbildung-verbund3.schule.de\/index.php?rest_route=\/wp\/v2\/pages\/530\/revisions\/4483"}],"wp:attachment":[{"href":"https:\/\/fortbildung-verbund3.schule.de\/index.php?rest_route=%2Fwp%2Fv2%2Fmedia&parent=530"}],"curies":[{"name":"wp","href":"https:\/\/api.w.org\/{rel}","templated":true}]}}