{"id":2053,"date":"2022-08-25T14:03:06","date_gmt":"2022-08-25T12:03:06","guid":{"rendered":"https:\/\/fortbildung-verbund3.schule.de\/?page_id=2053"},"modified":"2025-03-30T16:42:12","modified_gmt":"2025-03-30T14:42:12","slug":"willkommensklassen-2","status":"publish","type":"page","link":"https:\/\/fortbildung-verbund3.schule.de\/?page_id=2053","title":{"rendered":"Willkommensklassen"},"content":{"rendered":"<h1><img loading=\"lazy\" decoding=\"async\" class=\"alignnone size-medium wp-image-3816\" src=\"https:\/\/fortbildung-verbund3.schule.de\/wp-content\/uploads\/2024\/07\/WKK-300x166.jpg\" alt=\"\" width=\"300\" height=\"166\" srcset=\"https:\/\/fortbildung-verbund3.schule.de\/wp-content\/uploads\/2024\/07\/WKK-300x166.jpg 300w, https:\/\/fortbildung-verbund3.schule.de\/wp-content\/uploads\/2024\/07\/WKK-1024x568.jpg 1024w, https:\/\/fortbildung-verbund3.schule.de\/wp-content\/uploads\/2024\/07\/WKK-768x426.jpg 768w, https:\/\/fortbildung-verbund3.schule.de\/wp-content\/uploads\/2024\/07\/WKK.jpg 1280w\" sizes=\"auto, (max-width: 300px) 100vw, 300px\" \/><\/h1>\n<h1 class=\"p1\"><span style=\"font-family: helvetica;\"><b>Workshop- \/Fortbildungsangebote <\/b><\/span><\/h1>\n<ul class=\"ul1\">\n<li class=\"li12\"><span class=\"s5\" style=\"font-family: helvetica;\">Mi., 18.09.2024, 15:00 Uhr &#8211; 17:00 Uhr <b><i>Online-Kurs:<\/i><\/b> <a href=\"https:\/\/fortbildungen.berlin\/training\/122237\"><span class=\"s4\"><b>Einf\u00fchrung in die Arbeit mit Willkommensklassen<\/b><\/span><\/a> 24.2-122237 <\/span><\/li>\n<li class=\"li12\"><span class=\"s5\" style=\"font-family: helvetica;\">Di., 24.09.2024, 15:00 Uhr &#8211; 17:00 Uhr <a href=\"https:\/\/fortbildungen.berlin\/training\/123674\"><span class=\"s4\"><b>Elternkooperation in Willkommensklassen<\/b><\/span><\/a> 24.2-123674<\/span><\/li>\n<li class=\"li10\"><span class=\"s3\" style=\"font-family: helvetica;\">Mi., 25.09.2024, 15:30 Uhr &#8211; 17:30 Uhr <a href=\"https:\/\/fortbildungen.berlin\/training\/120465\"><span class=\"s4\"><b>Selbstst\u00e4ndiges Lernen in heterogenen Willkommensklassen<\/b><\/span><\/a> 24.2-120465 <\/span><\/li>\n<li class=\"li12\"><span class=\"s5\" style=\"font-family: helvetica;\">Di., 08.10.2024, 14:00 Uhr &#8211; 17:00 Uhr <a href=\"https:\/\/fortbildungen.berlin\/training\/121956\"><span class=\"s4\"><b>Poetry-Slam f\u00fcr Willkommensklassen<\/b><\/span><\/a> 24.2-121956 <\/span><\/li>\n<li class=\"li12\"><span class=\"s5\" style=\"font-family: helvetica;\">Di., 15.10.2024, 15:00 Uhr &#8211; 17:00 Uhr <b><i>Online-Kurs: <\/i><\/b><a href=\"https:\/\/fortbildungen.berlin\/training\/122266\"><span class=\"s4\"><b>Teilintegration in Willkommensklassen organisieren<\/b><\/span><\/a> 24.2-122266<\/span><\/li>\n<li><span style=\"font-family: helvetica;\">Di., 12.11.2024, 15:00 Uhr &#8211; 18:00 Uhr <strong><a href=\"https:\/\/fortbildungen.berlin\/training\/122210\">\u00dcbungsformen im Fremdsprachenunterricht: \u00dcbungen richtig einsetzen<\/a><\/strong> 24.2-122210<\/span><\/li>\n<li><span style=\"font-family: helvetica;\">Do., 16.01.2025, 15:00 Uhr &#8211; 18:00 Uhr <strong><a href=\"https:\/\/fortbildungen.berlin\/training\/122212\">Grammatik verst\u00e4ndlich erkl\u00e4ren<\/a><\/strong> 24.2-122212<\/span><\/li>\n<li>Di., 18.02.2025, 15:00 Uhr &#8211; 17:00 Uhr <strong><a href=\"https:\/\/fortbildungen.berlin\/training\/122284\">Differenziertes Arbeiten in Willkommensklassen<\/a><\/strong> 25.1-122284<\/li>\n<li class=\"li1\"><b><\/b>19.02.2025, 15:00 Uhr &#8211; 17:00 Uhr <b><i>Online-Kurs: <\/i><\/b><a href=\"https:\/\/fortbildungen.berlin\/training\/124717\"><span class=\"s1\"><b>Einf\u00fchrung in die Arbeit mit Willkommensklassen<\/b><\/span><\/a> 25.1-124717<\/li>\n<li><span style=\"font-family: helvetica;\">Do., 20.02.2025, 15:00 Uhr &#8211; 17:00 Uhr <strong><a href=\"https:\/\/fortbildungen.berlin\/training\/122775\">Im Fremdsprachenunterricht Schritt f\u00fcr Schritt zum Sprechen f\u00fchren<\/a><\/strong> 25.1-122775<\/span><\/li>\n<li>Mi., 07.05.2025, 15:30 Uhr &#8211; 17:30 Uhr <strong><a href=\"https:\/\/fortbildungen.berlin\/training\/120470\">Selbstst\u00e4ndiges Lernen in heterogenen Willkommenslerngruppen<\/a><\/strong> 25.1-120470<\/li>\n<li>Fr., 11.07.2025, 15:30 Uhr &#8211; 17:30 Uhr <strong><a href=\"https:\/\/fortbildungen.berlin\/training\/124403\">Leistungs\u00fcberpr\u00fcfung im DaZ-Unterricht (Willkommenssch\u00fcler\/-innen)<\/a><\/strong> 25.1-124403<\/li>\n<li><\/li>\n<li class=\"li1\"><span style=\"font-family: helvetica;\">Spiele im DaZ-Unterricht<\/span><\/li>\n<li class=\"li1\"><span style=\"font-family: helvetica;\">Au\u00dferschulische Lernorte<\/span><\/li>\n<li class=\"li1\"><span style=\"font-family: helvetica;\">Lernapps in der Willkommensklasse<\/span><\/li>\n<li class=\"li1\"><span style=\"font-family: helvetica;\">Augmented Reality in der Willkommensklasse<\/span><\/li>\n<li class=\"li1\"><span style=\"font-family: helvetica;\">Nachteilsausgleich nach dem \u00dcbergang von der Willkommensklasse in die Regelklasse<\/span><\/li>\n<li class=\"li1\"><span style=\"font-family: helvetica;\">Leistungs\u00fcberpr\u00fcfung im DaZ-Unterricht<\/span><\/li>\n<\/ul>\n<h1 class=\"p1\"><span style=\"font-family: helvetica;\"><b>Netzwerktreffen<\/b><\/span><\/h1>\n<p class=\"p1\"><span style=\"font-family: helvetica;\">Die Netzwerktreffen finden in jeder Region 3-4 Mal im Schuljahr statt.<\/span><\/p>\n<ul class=\"ul1\">\n<li class=\"li4\"><span class=\"s3\" style=\"font-family: helvetica;\">Di., 17.09.2024, 14:30 Uhr &#8211; 17:00 Uhr <a href=\"https:\/\/fortbildungen.berlin\/training\/122675\"><span class=\"s4\"><b>Netzwerktreffen der Willkommensklassenlehrkr\u00e4fte Steglitz-Zehlendorf<\/b><\/span><\/a> 24.2-122675 <\/span><\/li>\n<li class=\"li4\"><span class=\"s3\" style=\"font-family: helvetica;\">Mo., 23.09.2024, 15:00 Uhr &#8211; 17:30 Uhr <a href=\"https:\/\/fortbildungen.berlin\/training\/122121\"><span class=\"s4\"><b>Netzwerktreffen der Willkommensklassenlehrkr\u00e4fte Spandau<\/b><\/span><\/a> 24.2-122121<\/span><\/li>\n<li><span class=\"s3\" style=\"font-family: helvetica;\">Do., 26.09.2024, 15:00 Uhr &#8211; 17:00 Uhr <a href=\"https:\/\/fortbildungen.berlin\/training\/122678\"><span class=\"s4\"><b>Netzwerktreffen der Willkommensklassenlehrkr\u00e4fte Charlottenburg-Wilmersdorf<\/b><\/span><\/a> 24.2-122678<\/span><\/li>\n<li>Di., 03.12.2024, 15:00 Uhr &#8211; 17:30 Uhr <strong><a href=\"https:\/\/fortbildungen.berlin\/training\/122126\">Netzwerktreffen der Willkommensklassenlehrkr\u00e4fte Spandau (OS)<\/a><\/strong> 24.2-122126<\/li>\n<li>Mi., 04.12.2024, 15:00 Uhr &#8211; 17:30 Uhr <strong><a href=\"https:\/\/fortbildungen.berlin\/training\/122127\">Netzwerktreffen der Willkommensklassenlehrkr\u00e4fte Spandau (GS)<\/a><\/strong> 24.2-122127<\/li>\n<li>Do., 05.12.2024, 14:30 Uhr &#8211; 17:00 Uhr <strong><a href=\"https:\/\/fortbildungen.berlin\/training\/122676\">Netzwerktreffen der Willkommensklassenlehrkr\u00e4fte Steglitz-Zehlendorf<\/a><\/strong> 24.2-122676<\/li>\n<li>Mo., 09.12.2024, 15:00 Uhr &#8211; 17:00 Uhr <strong><a href=\"https:\/\/fortbildungen.berlin\/training\/122679\">Netzwerktreffen Willkommensklassenlehrkr\u00e4fte Charlottenburg-Wilmersdorf (GS)<\/a><\/strong> 24.2-122679<\/li>\n<li>Mo., 16.12.2024, 15:00 Uhr &#8211; 17:00 Uhr <span class=\"s5\" style=\"font-family: helvetica;\"><b><i>Online-Kurs: <\/i><\/b><\/span><strong><a href=\"https:\/\/fortbildungen.berlin\/training\/122680\">Netzwerktreffen Willkommensklassenlehrkr\u00e4fte Charlottenburg-Wilmersdorf (OS)<\/a><\/strong> 24.2-122680<\/li>\n<li>Di., 18.03.2025, 15:00 Uhr &#8211; 17:30 Uhr <span class=\"s5\" style=\"font-family: helvetica;\"><b><i>Online-Kurs: <\/i><\/b><\/span><strong><a href=\"https:\/\/fortbildungen.berlin\/training\/122195\">Netzwerktreffen der Willkommensklassenlehrkr\u00e4fte Spandau<\/a><\/strong> 25.1-122195<\/li>\n<li>Do., 27.03.2025, 14:30 Uhr &#8211; 17:00 Uhr <strong><a href=\"https:\/\/fortbildungen.berlin\/training\/122677\">Netzwerktreffen der Willkommensklassenlehrkr\u00e4fte Steglitz-Zehlendorf<\/a><\/strong> 25.1-122677<\/li>\n<li>Mo., 31.03.2025, 15:00 Uhr &#8211; 17:00 Uhr <strong><a href=\"https:\/\/fortbildungen.berlin\/training\/122681\">Netzwerktreffen der Willkommensklassenlehrkr\u00e4fte Charlottenburg-Wilmersdorf<\/a><\/strong> 25.1-122681<\/li>\n<li>Mi., 11.06.2025, 15:00 Uhr &#8211; 17:30 Uhr <strong><a href=\"https:\/\/fortbildungen.berlin\/training\/122193\">Netzwerktreffen der Willkommensklassenlehrkr\u00e4fte Spandau<\/a><\/strong> 25.1-122193<\/li>\n<li>Di., 19.06.2025, 15:00 Uhr &#8211; 17:00 Uhr <strong><a href=\"https:\/\/fortbildungen.berlin\/training\/122682\">Netzwerktreffen Willkommensklassenlehrkr\u00e4fte Charlottenburg-Wilmersdorf (GS)<\/a><\/strong> 25.1-122682<\/li>\n<li>Fr., 19.06.2025, 15:00 Uhr &#8211; 17:00 Uhr <strong><a href=\"https:\/\/fortbildungen.berlin\/training\/122683\">Netzwerktreffen Willkommensklassenlehrkr\u00e4fte Charlottenburg-Wilmersdorf (OS)<\/a><\/strong> 25.1-122683<\/li>\n<li>Do., 26.06.2025, 15:00 Uhr &#8211; 17:00 Uhr <strong><a href=\"https:\/\/fortbildungen.berlin\/training\/125266\">Netzwerktreffen der Willkommensklassenlehrkr\u00e4fte Steglitz-Zehlendorf<\/a><\/strong> 25.1-125266<\/li>\n<\/ul>\n<h1><strong id=\"gmail-yui_3_17_2_1_1698939644144_851\">Monatliche Videosprechstunde<\/strong><\/h1>\n<p class=\"p1\"><span style=\"font-family: helvetica;\">Wir bieten i.d.R. an einem Donnerstag im Monat von 16-17 Uhr eine offene Videosprechstunde an. Alle Fragen rund um Willkommensklassen und \u00dcberg\u00e4nge sind willkommen.<\/span><\/p>\n<p class=\"p1\"><span style=\"font-family: helvetica;\"><b>Termine (jeweils 16-17 Uhr):<\/b><\/span><\/p>\n<ul class=\"ul1\">\n<li class=\"li1\"><span style=\"font-family: helvetica;\">10.10: Alphabetisierung<\/span><\/li>\n<li class=\"li1\"><span style=\"font-family: helvetica;\">17.10. Traumasensibel unterrichten in der WK<\/span><\/li>\n<li class=\"li1\"><span style=\"font-family: helvetica;\">14.11. Sonderp\u00e4dagogischer F\u00f6rderbedarf und Diagnostik in Wiko<\/span><\/li>\n<li class=\"li1\"><span style=\"font-family: helvetica;\">12.12. Sprachstandsfeststellung und GER-Niveaustufen<\/span><\/li>\n<li class=\"li1\"><span style=\"font-family: helvetica;\">9.1. Lernstandsberichte und Laufzettel<\/span><\/li>\n<\/ul>\n<p class=\"p1\"><span style=\"font-family: helvetica;\"><b>Einwahllink:<\/b><\/span><\/p>\n<p class=\"p3\"><span class=\"s1\" style=\"font-family: helvetica;\"><a href=\"https:\/\/videokonferenz.berlin\/join\/vxJdJp7uNp8crwxAwGiO\"><b>https:\/\/videokonferenz.berlin\/join\/vxJdJp7uNp8crwxAwGiO<\/b><\/a><\/span><\/p>\n<p>&nbsp;<\/p>\n<p><a href=\"https:\/\/fortbildung-verbund3.schule.de\/wp-content\/uploads\/2024\/08\/WKK.pdf\"><img loading=\"lazy\" decoding=\"async\" class=\"alignnone wp-image-3884 \" src=\"https:\/\/fortbildung-verbund3.schule.de\/wp-content\/uploads\/2024\/08\/PDF-267x300.png\" alt=\"\" width=\"140\" height=\"157\" \/><\/a><\/p>\n<p><span style=\"font-family: helvetica;\">Flyer WKK<\/span><\/p>\n","protected":false},"excerpt":{"rendered":"<p>Workshop- \/Fortbildungsangebote Mi., 18.09.2024, 15:00 Uhr &#8211; 17:00 Uhr Online-Kurs: Einf\u00fchrung in die Arbeit mit Willkommensklassen 24.2-122237 Di., 24.09.2024, 15:00 &hellip; <\/p>\n","protected":false},"author":1,"featured_media":0,"parent":0,"menu_order":0,"comment_status":"closed","ping_status":"closed","template":"","meta":{"_bbp_topic_count":0,"_bbp_reply_count":0,"_bbp_total_topic_count":0,"_bbp_total_reply_count":0,"_bbp_voice_count":0,"_bbp_anonymous_reply_count":0,"_bbp_topic_count_hidden":0,"_bbp_reply_count_hidden":0,"_bbp_forum_subforum_count":0,"footnotes":""},"class_list":["post-2053","page","type-page","status-publish","hentry"],"_links":{"self":[{"href":"https:\/\/fortbildung-verbund3.schule.de\/index.php?rest_route=\/wp\/v2\/pages\/2053","targetHints":{"allow":["GET"]}}],"collection":[{"href":"https:\/\/fortbildung-verbund3.schule.de\/index.php?rest_route=\/wp\/v2\/pages"}],"about":[{"href":"https:\/\/fortbildung-verbund3.schule.de\/index.php?rest_route=\/wp\/v2\/types\/page"}],"author":[{"embeddable":true,"href":"https:\/\/fortbildung-verbund3.schule.de\/index.php?rest_route=\/wp\/v2\/users\/1"}],"replies":[{"embeddable":true,"href":"https:\/\/fortbildung-verbund3.schule.de\/index.php?rest_route=%2Fwp%2Fv2%2Fcomments&post=2053"}],"version-history":[{"count":40,"href":"https:\/\/fortbildung-verbund3.schule.de\/index.php?rest_route=\/wp\/v2\/pages\/2053\/revisions"}],"predecessor-version":[{"id":4462,"href":"https:\/\/fortbildung-verbund3.schule.de\/index.php?rest_route=\/wp\/v2\/pages\/2053\/revisions\/4462"}],"wp:attachment":[{"href":"https:\/\/fortbildung-verbund3.schule.de\/index.php?rest_route=%2Fwp%2Fv2%2Fmedia&parent=2053"}],"curies":[{"name":"wp","href":"https:\/\/api.w.org\/{rel}","templated":true}]}}